{"id":3114,"date":"2014-10-28T10:23:33","date_gmt":"2014-10-28T10:23:33","guid":{"rendered":"http:\/\/localhost\/Wordpress\/venac\/home-4\/"},"modified":"2015-12-23T21:14:24","modified_gmt":"2015-12-23T21:14:24","slug":"home","status":"publish","type":"page","link":"https:\/\/www.venac.be\/fr\/","title":{"rendered":"Home"},"content":{"rendered":"<div class=\"be-section         clearfix\" data-headerscheme=\"background--light\" style=\" \"  ><div class=\"be-section-pad clearfix \" style=\" padding-top:90px;padding-bottom:0px;\" data-padding-top = \"90\"><div  class=\"be-row be-wrap clearfix \"><div  class=\"one-col column-block clearfix  no-background    \" data-animation=\"\" style=\"  \"><div class=\"be-custom-column-inner\"><div class=\"special-heading-wrap style1 0\" data-animation=\"fadeIn\"><div class=\"special-heading align-center\"><h4 class=\"special-h-tag\" style=\"color: \">VENAC<\/h4><div class=\"sub-title margin-bottom  special-subtitle\"><span style=\"font-size: 18pt;\">Un confort acoustique dans la pratique pour les b\u00e2timents et les salles.\n<\/span>\n\n&nbsp;<\/div><div class=\"sep-with-icon-wrap margin-bottom\"><span class=\"sep-with-icon\" style=\"background-color:#e8e8e8;border-color:#e8e8e8;color:#e8e8e8;height:1px;width:20px;\" ><\/span><i class=\"sep-icon font-icon icon-dimond\" style=\"background-color:#e0a240;\"><\/i><span class=\"sep-with-icon\" style=\"background-color:#e8e8e8;border-color:#e8e8e8;color:#e8e8e8;height:1px;width:20px;\" ><\/span><\/div><\/div><\/div><div class=\"linebreak \" style=\"height:20px;\"><\/div><\/div><\/div><\/div><div  class=\"be-row be-wrap clearfix zero-bottom \"><div  class=\"one-col column-block clearfix  no-background    \" data-animation=\"\" style=\"  \"><div class=\"be-custom-column-inner\"><div class=\"special-heading-wrap style1 0\" data-animation=\"fadeIn\"><div class=\"special-heading align-center\"><h4 class=\"special-h-tag\" style=\"color: \">Activit\u00e9s<\/h4><div class=\"sub-title margin-bottom  special-subtitle\"><span style=\"font-size: 18pt;\">VENAC vous propose des performances de confort acoustique optimales gr\u00e2ce \u00e0 des conseils pragmatiques, des \u00e9tudes acoustiques d\u00e9taill\u00e9es et accompagnement.\n<\/span>\n\n<span style=\"font-size: 18pt;\">.<\/span><\/div><div class=\"sep-with-icon-wrap margin-bottom\"><span class=\"sep-with-icon\" style=\"background-color:#e8e8e8;border-color:#e8e8e8;color:#e8e8e8;height:1px;width:20px;\" ><\/span><i class=\"sep-icon font-icon icon-dimond\" style=\"background-color:#e0a240;\"><\/i><span class=\"sep-with-icon\" style=\"background-color:#e8e8e8;border-color:#e8e8e8;color:#e8e8e8;height:1px;width:20px;\" ><\/span><\/div><\/div><\/div><\/div><\/div><\/div><div  class=\"be-row be-wrap clearfix \"><div  class=\"one-fourth column-block  no-background    \" data-animation=\"\" style=\"  \"><div class=\"be-custom-column-inner\"><p><a href=\"https:\/\/venac.be\/wp-content\/uploads\/2014\/10\/VENAC-17.jpg\"><img loading=\"lazy\" decoding=\"async\" class=\"alignnone size-medium wp-image-3295\" src=\"https:\/\/venac.be\/wp-content\/uploads\/2014\/10\/VENAC-17-300x201.jpg\" alt=\"Bouwakoestiek\" height=\"201\" width=\"300\" srcset=\"https:\/\/www.venac.be\/wp-content\/uploads\/2014\/10\/VENAC-17-300x201.jpg 300w, https:\/\/www.venac.be\/wp-content\/uploads\/2014\/10\/VENAC-17-75x50.jpg 75w, https:\/\/www.venac.be\/wp-content\/uploads\/2014\/10\/VENAC-17-650x436.jpg 650w, https:\/\/www.venac.be\/wp-content\/uploads\/2014\/10\/VENAC-17.jpg 846w\" sizes=\"(max-width: 300px) 100vw, 300px\" \/><\/a><\/p>\n<h5>Acoustique du b\u00e2timent<\/h5>\n<p style=\"text-align: justify;\">En concertation avec les concepteurs et le client, VENAC d\u00e9finit une ligne directrice de la performance acoustique qui doit assurer le confort acoustique optimal.<\/p>\n<div class=\"linebreak hide-mobile\" style=\"height:20px;\"><\/div><\/div><\/div><div  class=\"one-fourth column-block  no-background    \" data-animation=\"\" style=\"  \"><div class=\"be-custom-column-inner\"><p><a href=\"https:\/\/venac.be\/wp-content\/uploads\/2014\/10\/VENAC-93.jpg\"><img loading=\"lazy\" decoding=\"async\" class=\"alignnone size-medium wp-image-3296\" src=\"https:\/\/venac.be\/wp-content\/uploads\/2014\/10\/VENAC-93-300x200.jpg\" alt=\"Zaalakoestiek\" height=\"200\" width=\"300\" srcset=\"https:\/\/www.venac.be\/wp-content\/uploads\/2014\/10\/VENAC-93-300x200.jpg 300w, https:\/\/www.venac.be\/wp-content\/uploads\/2014\/10\/VENAC-93-75x50.jpg 75w, https:\/\/www.venac.be\/wp-content\/uploads\/2014\/10\/VENAC-93-650x434.jpg 650w, https:\/\/www.venac.be\/wp-content\/uploads\/2014\/10\/VENAC-93.jpg 850w\" sizes=\"(max-width: 300px) 100vw, 300px\" \/><\/a><\/p>\n<h5>Correction acoustique des salles<\/h5>\n<p style=\"text-align: justify;\">VENAC est \u00e0 l\u2019\u00e9coute et vous donne une id\u00e9e claire sur la r\u00e9action acoustique d\u2019une salle avant m\u00eame que celle-ci ne soit construite ou termin\u00e9e. Absorption, r\u00e9verb\u00e9ration, r\u00e9partition du bruit, compr\u00e9hensibilit\u00e9 de la parole, &#8230; sont un ensemble de facteurs qui doivent assurer une ambiance acoustique agr\u00e9able.<\/p>\n<div class=\"linebreak hide-mobile\" style=\"height:20px;\"><\/div><\/div><\/div><div  class=\"one-fourth column-block  no-background    \" data-animation=\"\" style=\"  \"><div class=\"be-custom-column-inner\"><p><a href=\"https:\/\/venac.be\/wp-content\/uploads\/2014\/10\/VENAC-88.jpg\"><img loading=\"lazy\" decoding=\"async\" class=\"alignnone size-medium wp-image-3297\" src=\"https:\/\/venac.be\/wp-content\/uploads\/2014\/10\/VENAC-88-300x200.jpg\" alt=\"Industrie\" height=\"200\" width=\"300\" srcset=\"https:\/\/www.venac.be\/wp-content\/uploads\/2014\/10\/VENAC-88-300x200.jpg 300w, https:\/\/www.venac.be\/wp-content\/uploads\/2014\/10\/VENAC-88-75x50.jpg 75w, https:\/\/www.venac.be\/wp-content\/uploads\/2014\/10\/VENAC-88-650x434.jpg 650w, https:\/\/www.venac.be\/wp-content\/uploads\/2014\/10\/VENAC-88.jpg 850w\" sizes=\"(max-width: 300px) 100vw, 300px\" \/><\/a><\/p>\n<h5>Bruits&nbsp;d&rsquo;installations<\/h5>\n<p style=\"text-align: justify;\">Afin d\u2019analyser en d\u00e9tails les situations les plus complexes comme, entre autres, &nbsp;les sources de bruits industriels, VENAC utilise des mod\u00e8les virtuels 3D. Ces mod\u00e8les nous permettent d&rsquo;intervenir tr\u00e8s t\u00f4t dans la mise au point du projet et d&rsquo;\u00e9viter ainsi toute nuisance de bruit.<\/p>\n<div class=\"linebreak hide-mobile\" style=\"height:20px;\"><\/div><\/div><\/div><div  class=\"one-fourth column-block  no-background    \" data-animation=\"\" style=\"  \"><div class=\"be-custom-column-inner\"><p><a href=\"https:\/\/venac.be\/wp-content\/uploads\/2014\/10\/ripple_waves_bee.jpg\"><img loading=\"lazy\" decoding=\"async\" class=\"alignnone size-medium wp-image-3683\" src=\"https:\/\/venac.be\/wp-content\/uploads\/2014\/10\/ripple_waves_bee-300x192.jpg\" alt=\"ripple_waves_bee\" height=\"192\" width=\"300\" srcset=\"https:\/\/www.venac.be\/wp-content\/uploads\/2014\/10\/ripple_waves_bee-300x192.jpg 300w, https:\/\/www.venac.be\/wp-content\/uploads\/2014\/10\/ripple_waves_bee.jpg 500w\" sizes=\"(max-width: 300px) 100vw, 300px\" \/><\/a><\/p>\n<h5>Vibrations<\/h5>\n<p style=\"text-align: justify;\">VENAC a une vaste exp\u00e9rience dans la ma\u00eetrise active et passive des vibrations. L&rsquo;isolation active \u00e9vite la transmission des vibrations d&rsquo;une source \u00e0 son environnement, p.ex. pose des machines sur appuis anti-vibratoires. L&rsquo;isolation passive emp\u00eache la transmission des vibrations d\u00e9j\u00e0 pr\u00e9sents dans un environnement vers la structure \u00e0 isoler: p.ex. vers des immeubles \u00e0 proximit\u00e9 ou m\u00eame sur des structures de chemin de fer.<\/p>\n<div class=\"linebreak \" style=\"height:px;\"><\/div><\/div><\/div><\/div><div  class=\"be-row be-wrap clearfix zero-bottom \"><div  class=\"one-col column-block clearfix  no-background    \" data-animation=\"\" style=\"  \"><div class=\"be-custom-column-inner\"><div class=\"special-heading-wrap style1 0\" data-animation=\"fadeIn\"><div class=\"special-heading align-center\"><h4 class=\"special-h-tag\" style=\"color: \">Infos<\/h4><div class=\"sep-with-icon-wrap margin-bottom\"><span class=\"sep-with-icon\" style=\"background-color:#e8e8e8;border-color:#e8e8e8;color:#e8e8e8;height:1px;width:20px;\" ><\/span><i class=\"sep-icon font-icon icon-dimond\" style=\"background-color:#e0a240;\"><\/i><span class=\"sep-with-icon\" style=\"background-color:#e8e8e8;border-color:#e8e8e8;color:#e8e8e8;height:1px;width:20px;\" ><\/span><\/div><\/div><\/div><div class=\"portfolio-all-wrap\"><div class=\"portfolio full-screen full-screen-gutter style1-gutter three-col\" data-gutter-width=\"40\" style=\"margin-right: 40px;\" data-col=\"three\"><div class=\"style3-blog portfolio-container clickable clearfix\">\t\n<article id=\"post-4003\" class=\"element not-wide blog-post clearfix post-4003 post type-post status-publish format-standard has-post-thumbnail hentry category-news-fr element not-wide\" style=\"margin-bottom: 40px !important;\">\n\t<div class=\"element-inner\" style=\"margin-left:40px\">\n\t\t<div class=\"post-content-wrap\">\n\t\t\t<div class=\"post-thumb\">\t\n\t<div class=\"\">        \t\n\t\t<a href=\"https:\/\/www.venac.be\/fr\/sweco-conclut-un-accord-avec-venac\/\" class=\" thumb-wrap\">\n\t\t\t<img loading=\"lazy\" decoding=\"async\" width=\"1160\" height=\"700\" src=\"https:\/\/www.venac.be\/wp-content\/uploads\/2022\/10\/Screenshot-2022-10-12-at-12.11.48-PM-1160x700.png\" class=\"attachment-blog-image size-blog-image wp-post-image\" alt=\"\" \/>\t\t\t<div class=\"thumb-overlay\">\n\t\t\t\t<div class=\"thumb-bg\">\n\t\t\t\t\t<div class=\"thumb-title fadeIn animated\">\n\t\t\t\t\t\t<i class=\"portfolio-ovelay-icon\"><\/i>\n\t\t\t\t\t<\/div>\n\t\t\t\t<\/div>\n\t\t\t<\/div>\n\t\t<\/a>\n\t<\/div>\t\t\t\n<\/div>\n\t\t\t<div class=\"article-details clearfix\">\n\t\t\t\t<header class=\"post-header clearfix\">\n\t\t\t\t\t<h5 class=\"post-title\"><a href=\"https:\/\/www.venac.be\/fr\/sweco-conclut-un-accord-avec-venac\/\">Sweco conclut un accord avec VENAC<\/a><\/h5>\t\t\t\t<\/header>\n\t\t\t\t\t\t\t\t\t<div class=\"post-top-details clearfix\"><nav class=\"post-nav meta-font secondary_text\">\n\t<ul class=\"clearfix\">\n\t\t<li class=\"post-meta post-comments\">\n\t\t\t<a href=\"https:\/\/www.venac.be\/fr\/sweco-conclut-un-accord-avec-venac\/#respond\">0  comments<\/a><span class=\"post-meta-sep\">\/<\/span>\n\t\t<\/li>\n\t\t<li class=\"post-meta\">octobre 12, 2022<\/li>\n\t<\/ul>\n<\/nav><\/div>\n\t\t\t\t\t<div class=\"post-details clearfix\">\n\t\t\t\t\t\t<div class=\"post-content clearfix\">\n\t\t\t\t\t\t\t<p>Le bureau d\u2019ing\u00e9nieurs Sweco a conclu un Share Purchase Agreement avec VENAC. Ce bureau est un chef de file dans le domaine d&rsquo;\u00e9tudes acoustiques pour les march\u00e9s belge et luxembourgeois [&hellip;]<\/p>\n<p><a href=\"https:\/\/www.venac.be\/fr\/sweco-conclut-un-accord-avec-venac\/\" class=\"more-link style1-button\">Read More<\/a><\/p>\t\t\t\t\t\t<\/div>\n\t\t\t\t\t<\/div>\n\t\t\t\t\t\t\t\t<div class=\"post-bottom-details clearfix\"><nav class=\"post-nav meta-font secondary_text\">\n\t<ul class=\"clearfix\">\t\n\t\t<li class=\"post-meta post-category\">Under :<a href=\"https:\/\/www.venac.be\/fr\/category\/news-fr\/\" title=\"View all posts in news\"> news<\/a><\/li>\n\t<\/ul>\n<\/nav><\/div>\n\t\t\t<\/div>\n\t\t\t<div class=\"clearfix\"><\/div>\n\t\t<\/div>\n\t<\/div>\n<\/article>\n\t\n<article id=\"post-3960\" class=\"element not-wide blog-post clearfix post-3960 post type-post status-publish format-standard has-post-thumbnail hentry category-uncategorized element not-wide\" style=\"margin-bottom: 40px !important;\">\n\t<div class=\"element-inner\" style=\"margin-left:40px\">\n\t\t<div class=\"post-content-wrap\">\n\t\t\t<div class=\"post-thumb\">\t\n\t<div class=\"\">        \t\n\t\t<a href=\"https:\/\/www.venac.be\/fr\/confinement\/\" class=\" thumb-wrap\">\n\t\t\t<img loading=\"lazy\" decoding=\"async\" width=\"580\" height=\"326\" src=\"https:\/\/www.venac.be\/wp-content\/uploads\/2020\/03\/corona.jpg\" class=\"attachment-blog-image size-blog-image wp-post-image\" alt=\"\" srcset=\"https:\/\/www.venac.be\/wp-content\/uploads\/2020\/03\/corona.jpg 580w, https:\/\/www.venac.be\/wp-content\/uploads\/2020\/03\/corona-300x169.jpg 300w, https:\/\/www.venac.be\/wp-content\/uploads\/2020\/03\/corona-89x50.jpg 89w\" sizes=\"(max-width: 580px) 100vw, 580px\" \/>\t\t\t<div class=\"thumb-overlay\">\n\t\t\t\t<div class=\"thumb-bg\">\n\t\t\t\t\t<div class=\"thumb-title fadeIn animated\">\n\t\t\t\t\t\t<i class=\"portfolio-ovelay-icon\"><\/i>\n\t\t\t\t\t<\/div>\n\t\t\t\t<\/div>\n\t\t\t<\/div>\n\t\t<\/a>\n\t<\/div>\t\t\t\n<\/div>\n\t\t\t<div class=\"article-details clearfix\">\n\t\t\t\t<header class=\"post-header clearfix\">\n\t\t\t\t\t<h5 class=\"post-title\"><a href=\"https:\/\/www.venac.be\/fr\/confinement\/\">COVID-19<\/a><\/h5>\t\t\t\t<\/header>\n\t\t\t\t\t\t\t\t\t<div class=\"post-top-details clearfix\"><nav class=\"post-nav meta-font secondary_text\">\n\t<ul class=\"clearfix\">\n\t\t<li class=\"post-meta post-comments\">\n\t\t\t<a href=\"https:\/\/www.venac.be\/fr\/confinement\/#respond\">0  comments<\/a><span class=\"post-meta-sep\">\/<\/span>\n\t\t<\/li>\n\t\t<li class=\"post-meta\">avril 15, 2020<\/li>\n\t<\/ul>\n<\/nav><\/div>\n\t\t\t\t\t<div class=\"post-details clearfix\">\n\t\t\t\t\t\t<div class=\"post-content clearfix\">\n\t\t\t\t\t\t\t<p>Suite aux mesures de pr\u00e9caution impos\u00e9es par le Conseil National de S\u00e9curit\u00e9, VENAC l\u00e8ve le pied \u00e0 partir du 18\/3. Mes collaborateurs et moi-m\u00eame se mettront en t\u00e9l\u00e9travail afin de [&hellip;]<\/p>\n<p><a href=\"https:\/\/www.venac.be\/fr\/confinement\/\" class=\"more-link style1-button\">Read More<\/a><\/p>\t\t\t\t\t\t<\/div>\n\t\t\t\t\t<\/div>\n\t\t\t\t\t\t\t\t<div class=\"post-bottom-details clearfix\"><nav class=\"post-nav meta-font secondary_text\">\n\t<ul class=\"clearfix\">\t\n\t\t<li class=\"post-meta post-category\">Under :<a href=\"https:\/\/www.venac.be\/category\/uncategorized\/\" title=\"View all posts in none\"> none<\/a><\/li>\n\t<\/ul>\n<\/nav><\/div>\n\t\t\t<\/div>\n\t\t\t<div class=\"clearfix\"><\/div>\n\t\t<\/div>\n\t<\/div>\n<\/article>\n\t\n<article id=\"post-3928\" class=\"element not-wide blog-post clearfix post-3928 post type-post status-publish format-standard has-post-thumbnail hentry category-news-fr category-none-fr element not-wide\" style=\"margin-bottom: 40px !important;\">\n\t<div class=\"element-inner\" style=\"margin-left:40px\">\n\t\t<div class=\"post-content-wrap\">\n\t\t\t<div class=\"post-thumb\">\t\n\t<div class=\"\">        \t\n\t\t<a href=\"https:\/\/www.venac.be\/fr\/venac-obtient-son-agrement-en-matiere-de-bruit-en-wallonie\/\" class=\" thumb-wrap\">\n\t\t\t<img loading=\"lazy\" decoding=\"async\" width=\"806\" height=\"700\" src=\"https:\/\/www.venac.be\/wp-content\/uploads\/2019\/11\/Capture-1-806x700.png\" class=\"attachment-blog-image size-blog-image wp-post-image\" alt=\"\" srcset=\"https:\/\/www.venac.be\/wp-content\/uploads\/2019\/11\/Capture-1-806x700.png 806w, https:\/\/www.venac.be\/wp-content\/uploads\/2019\/11\/Capture-1-300x262.png 300w, https:\/\/www.venac.be\/wp-content\/uploads\/2019\/11\/Capture-1-57x50.png 57w\" sizes=\"(max-width: 806px) 100vw, 806px\" \/>\t\t\t<div class=\"thumb-overlay\">\n\t\t\t\t<div class=\"thumb-bg\">\n\t\t\t\t\t<div class=\"thumb-title fadeIn animated\">\n\t\t\t\t\t\t<i class=\"portfolio-ovelay-icon\"><\/i>\n\t\t\t\t\t<\/div>\n\t\t\t\t<\/div>\n\t\t\t<\/div>\n\t\t<\/a>\n\t<\/div>\t\t\t\n<\/div>\n\t\t\t<div class=\"article-details clearfix\">\n\t\t\t\t<header class=\"post-header clearfix\">\n\t\t\t\t\t<h5 class=\"post-title\"><a href=\"https:\/\/www.venac.be\/fr\/venac-obtient-son-agrement-en-matiere-de-bruit-en-wallonie\/\">VENAC obtient son agr\u00e9ment en mati\u00e8re de bruit en Wallonie<\/a><\/h5>\t\t\t\t<\/header>\n\t\t\t\t\t\t\t\t\t<div class=\"post-top-details clearfix\"><nav class=\"post-nav meta-font secondary_text\">\n\t<ul class=\"clearfix\">\n\t\t<li class=\"post-meta post-comments\">\n\t\t\t<a href=\"https:\/\/www.venac.be\/fr\/venac-obtient-son-agrement-en-matiere-de-bruit-en-wallonie\/#respond\">0  comments<\/a><span class=\"post-meta-sep\">\/<\/span>\n\t\t<\/li>\n\t\t<li class=\"post-meta\">novembre 13, 2019<\/li>\n\t<\/ul>\n<\/nav><\/div>\n\t\t\t\t\t<div class=\"post-details clearfix\">\n\t\t\t\t\t\t<div class=\"post-content clearfix\">\n\t\t\t\t\t\t\t<p>Suite \u00e0 l&rsquo;arr\u00eat\u00e9 minist\u00e9riel du Ministre C\u00e9line Tellier, VENAC obtient son agr\u00e9ment en mati\u00e8re de bruit en Wallonie et ce \u00e0 partir du 8 novembre 2019. Le bureau VENAC se [&hellip;]<\/p>\n<p><a href=\"https:\/\/www.venac.be\/fr\/venac-obtient-son-agrement-en-matiere-de-bruit-en-wallonie\/\" class=\"more-link style1-button\">Read More<\/a><\/p>\t\t\t\t\t\t<\/div>\n\t\t\t\t\t<\/div>\n\t\t\t\t\t\t\t\t<div class=\"post-bottom-details clearfix\"><nav class=\"post-nav meta-font secondary_text\">\n\t<ul class=\"clearfix\">\t\n\t\t<li class=\"post-meta post-category\">Under :<a href=\"https:\/\/www.venac.be\/fr\/category\/news-fr\/\" title=\"View all posts in news\"> news<\/a> , <a href=\"https:\/\/www.venac.be\/fr\/category\/none-fr\/\" title=\"View all posts in none @fr\"> none @fr<\/a><\/li>\n\t<\/ul>\n<\/nav><\/div>\n\t\t\t<\/div>\n\t\t\t<div class=\"clearfix\"><\/div>\n\t\t<\/div>\n\t<\/div>\n<\/article>\n\t\n<article id=\"post-3914\" class=\"element not-wide blog-post clearfix post-3914 post type-post status-publish format-standard has-post-thumbnail hentry category-none-fr element not-wide\" style=\"margin-bottom: 40px !important;\">\n\t<div class=\"element-inner\" style=\"margin-left:40px\">\n\t\t<div class=\"post-content-wrap\">\n\t\t\t<div class=\"post-thumb\">\t\n\t<div class=\"\">        \t\n\t\t<a href=\"https:\/\/www.venac.be\/fr\/3914\/\" class=\" thumb-wrap\">\n\t\t\t<img loading=\"lazy\" decoding=\"async\" width=\"1160\" height=\"700\" src=\"https:\/\/www.venac.be\/wp-content\/uploads\/2019\/10\/IMG_2587-1160x700.jpg\" class=\"attachment-blog-image size-blog-image wp-post-image\" alt=\"\" \/>\t\t\t<div class=\"thumb-overlay\">\n\t\t\t\t<div class=\"thumb-bg\">\n\t\t\t\t\t<div class=\"thumb-title fadeIn animated\">\n\t\t\t\t\t\t<i class=\"portfolio-ovelay-icon\"><\/i>\n\t\t\t\t\t<\/div>\n\t\t\t\t<\/div>\n\t\t\t<\/div>\n\t\t<\/a>\n\t<\/div>\t\t\t\n<\/div>\n\t\t\t<div class=\"article-details clearfix\">\n\t\t\t\t<header class=\"post-header clearfix\">\n\t\t\t\t\t<h5 class=\"post-title\"><a href=\"https:\/\/www.venac.be\/fr\/3914\/\">r\u00e9ception provisoire de la salle de f\u00eate \u00e0 Kapellen<\/a><\/h5>\t\t\t\t<\/header>\n\t\t\t\t\t\t\t\t\t<div class=\"post-top-details clearfix\"><nav class=\"post-nav meta-font secondary_text\">\n\t<ul class=\"clearfix\">\n\t\t<li class=\"post-meta post-comments\">\n\t\t\t<a href=\"https:\/\/www.venac.be\/fr\/3914\/#respond\">0  comments<\/a><span class=\"post-meta-sep\">\/<\/span>\n\t\t<\/li>\n\t\t<li class=\"post-meta\">octobre 25, 2019<\/li>\n\t<\/ul>\n<\/nav><\/div>\n\t\t\t\t\t<div class=\"post-details clearfix\">\n\t\t\t\t\t\t<div class=\"post-content clearfix\">\n\t\t\t\t\t\t\t<p>La nouvelle salle de f\u00eate de Kapellen a \u00e9t\u00e9 r\u00e9ceptionn\u00e9e en date du 24 octobre 2019. Le contr\u00f4le Vlarem des nuisances acoustiques environnementales a d\u00e9montr\u00e9 qu&rsquo;aucune nuisance n&rsquo;existe et ce [&hellip;]<\/p>\n<p><a href=\"https:\/\/www.venac.be\/fr\/3914\/\" class=\"more-link style1-button\">Read More<\/a><\/p>\t\t\t\t\t\t<\/div>\n\t\t\t\t\t<\/div>\n\t\t\t\t\t\t\t\t<div class=\"post-bottom-details clearfix\"><nav class=\"post-nav meta-font secondary_text\">\n\t<ul class=\"clearfix\">\t\n\t\t<li class=\"post-meta post-category\">Under :<a href=\"https:\/\/www.venac.be\/fr\/category\/none-fr\/\" title=\"View all posts in none @fr\"> none @fr<\/a><\/li>\n\t<\/ul>\n<\/nav><\/div>\n\t\t\t<\/div>\n\t\t\t<div class=\"clearfix\"><\/div>\n\t\t<\/div>\n\t<\/div>\n<\/article>\n\t\n<article id=\"post-3865\" class=\"element not-wide blog-post clearfix post-3865 post type-post status-publish format-standard has-post-thumbnail hentry category-none-fr element not-wide\" style=\"margin-bottom: 40px !important;\">\n\t<div class=\"element-inner\" style=\"margin-left:40px\">\n\t\t<div class=\"post-content-wrap\">\n\t\t\t<div class=\"post-thumb\">\t\n\t<div class=\"\">        \t\n\t\t<a href=\"https:\/\/www.venac.be\/fr\/ilot-sacre-remporte-le-mipim-award-2018-pour-best-residential-development\/\" class=\" thumb-wrap\">\n\t\t\t<img loading=\"lazy\" decoding=\"async\" width=\"1152\" height=\"700\" src=\"https:\/\/www.venac.be\/wp-content\/uploads\/2018\/03\/ISmain.jpeg-1152x700.jpg\" class=\"attachment-blog-image size-blog-image wp-post-image\" alt=\"\" \/>\t\t\t<div class=\"thumb-overlay\">\n\t\t\t\t<div class=\"thumb-bg\">\n\t\t\t\t\t<div class=\"thumb-title fadeIn animated\">\n\t\t\t\t\t\t<i class=\"portfolio-ovelay-icon\"><\/i>\n\t\t\t\t\t<\/div>\n\t\t\t\t<\/div>\n\t\t\t<\/div>\n\t\t<\/a>\n\t<\/div>\t\t\t\n<\/div>\n\t\t\t<div class=\"article-details clearfix\">\n\t\t\t\t<header class=\"post-header clearfix\">\n\t\t\t\t\t<h5 class=\"post-title\"><a href=\"https:\/\/www.venac.be\/fr\/ilot-sacre-remporte-le-mipim-award-2018-pour-best-residential-development\/\">Ilot Sacr\u00e9 remporte le Mipim Award 2018 pour &lsquo;Best Residential Development&rsquo;.<\/a><\/h5>\t\t\t\t<\/header>\n\t\t\t\t\t\t\t\t\t<div class=\"post-top-details clearfix\"><nav class=\"post-nav meta-font secondary_text\">\n\t<ul class=\"clearfix\">\n\t\t<li class=\"post-meta post-comments\">\n\t\t\t<a href=\"https:\/\/www.venac.be\/fr\/ilot-sacre-remporte-le-mipim-award-2018-pour-best-residential-development\/#respond\">0  comments<\/a><span class=\"post-meta-sep\">\/<\/span>\n\t\t<\/li>\n\t\t<li class=\"post-meta\">mars 19, 2018<\/li>\n\t<\/ul>\n<\/nav><\/div>\n\t\t\t\t\t<div class=\"post-details clearfix\">\n\t\t\t\t\t\t<div class=\"post-content clearfix\">\n\t\t\t\t\t\t\t<p>Le projet Ilot Sacr\u00e9 remporte le Mipim Award 2018 dans la cat\u00e9gorie &lsquo;Best Residential Development&rsquo; \u00e0 Cannes. Le d\u00e9velopment du site par Galika Human Estate et con\u00e7u par DDS+ a [&hellip;]<\/p>\n<p><a href=\"https:\/\/www.venac.be\/fr\/ilot-sacre-remporte-le-mipim-award-2018-pour-best-residential-development\/\" class=\"more-link style1-button\">Read More<\/a><\/p>\t\t\t\t\t\t<\/div>\n\t\t\t\t\t<\/div>\n\t\t\t\t\t\t\t\t<div class=\"post-bottom-details clearfix\"><nav class=\"post-nav meta-font secondary_text\">\n\t<ul class=\"clearfix\">\t\n\t\t<li class=\"post-meta post-category\">Under :<a href=\"https:\/\/www.venac.be\/fr\/category\/none-fr\/\" title=\"View all posts in none @fr\"> none @fr<\/a><\/li>\n\t<\/ul>\n<\/nav><\/div>\n\t\t\t<\/div>\n\t\t\t<div class=\"clearfix\"><\/div>\n\t\t<\/div>\n\t<\/div>\n<\/article>\n\t\n<article id=\"post-3824\" class=\"element not-wide blog-post clearfix post-3824 post type-post status-publish format-standard has-post-thumbnail hentry category-none-fr element not-wide\" style=\"margin-bottom: 40px !important;\">\n\t<div class=\"element-inner\" style=\"margin-left:40px\">\n\t\t<div class=\"post-content-wrap\">\n\t\t\t<div class=\"post-thumb\">\t\n\t<div class=\"\">        \t\n\t\t<a href=\"https:\/\/www.venac.be\/fr\/construction-du-siege-lotan\/\" class=\" thumb-wrap\">\n\t\t\t<img loading=\"lazy\" decoding=\"async\" width=\"1160\" height=\"700\" src=\"https:\/\/www.venac.be\/wp-content\/uploads\/2017\/10\/nato_construction_1575x900_belgiandefense_comopsair_michaelmoors_007jpg-1160x700.jpg\" class=\"attachment-blog-image size-blog-image wp-post-image\" alt=\"\" \/>\t\t\t<div class=\"thumb-overlay\">\n\t\t\t\t<div class=\"thumb-bg\">\n\t\t\t\t\t<div class=\"thumb-title fadeIn animated\">\n\t\t\t\t\t\t<i class=\"portfolio-ovelay-icon\"><\/i>\n\t\t\t\t\t<\/div>\n\t\t\t\t<\/div>\n\t\t\t<\/div>\n\t\t<\/a>\n\t<\/div>\t\t\t\n<\/div>\n\t\t\t<div class=\"article-details clearfix\">\n\t\t\t\t<header class=\"post-header clearfix\">\n\t\t\t\t\t<h5 class=\"post-title\"><a href=\"https:\/\/www.venac.be\/fr\/construction-du-siege-lotan\/\">Construction du si\u00e8ge de l&rsquo;Otan<\/a><\/h5>\t\t\t\t<\/header>\n\t\t\t\t\t\t\t\t\t<div class=\"post-top-details clearfix\"><nav class=\"post-nav meta-font secondary_text\">\n\t<ul class=\"clearfix\">\n\t\t<li class=\"post-meta post-comments\">\n\t\t\t<a href=\"https:\/\/www.venac.be\/fr\/construction-du-siege-lotan\/#respond\">0  comments<\/a><span class=\"post-meta-sep\">\/<\/span>\n\t\t<\/li>\n\t\t<li class=\"post-meta\">octobre 11, 2017<\/li>\n\t<\/ul>\n<\/nav><\/div>\n\t\t\t\t\t<div class=\"post-details clearfix\">\n\t\t\t\t\t\t<div class=\"post-content clearfix\">\n\t\t\t\t\t\t\t<p>Superbe vid\u00e9o de la construction du nouveau si\u00e8ge de l&rsquo;Otan \u00e0 Evere. VENAC a pris en charge le concept acoustique du projet, de la conception au suivi de l&rsquo;ex\u00e9cution et [&hellip;]<\/p>\n<p><a href=\"https:\/\/www.venac.be\/fr\/construction-du-siege-lotan\/\" class=\"more-link style1-button\">Read More<\/a><\/p>\t\t\t\t\t\t<\/div>\n\t\t\t\t\t<\/div>\n\t\t\t\t\t\t\t\t<div class=\"post-bottom-details clearfix\"><nav class=\"post-nav meta-font secondary_text\">\n\t<ul class=\"clearfix\">\t\n\t\t<li class=\"post-meta post-category\">Under :<a href=\"https:\/\/www.venac.be\/fr\/category\/none-fr\/\" title=\"View all posts in none @fr\"> none @fr<\/a><\/li>\n\t<\/ul>\n<\/nav><\/div>\n\t\t\t<\/div>\n\t\t\t<div class=\"clearfix\"><\/div>\n\t\t<\/div>\n\t<\/div>\n<\/article>\n\t\n<article id=\"post-3817\" class=\"element not-wide blog-post clearfix post-3817 post type-post status-publish format-standard has-post-thumbnail hentry category-none-fr element not-wide\" style=\"margin-bottom: 40px !important;\">\n\t<div class=\"element-inner\" style=\"margin-left:40px\">\n\t\t<div class=\"post-content-wrap\">\n\t\t\t<div class=\"post-thumb\">\t\n\t<div class=\"\">        \t\n\t\t<a href=\"https:\/\/www.venac.be\/fr\/tivoli-green-city\/\" class=\" thumb-wrap\">\n\t\t\t<img loading=\"lazy\" decoding=\"async\" width=\"1160\" height=\"700\" src=\"https:\/\/www.venac.be\/wp-content\/uploads\/2015\/12\/compasjpg-1160x700.jpg\" class=\"attachment-blog-image size-blog-image wp-post-image\" alt=\"\" \/>\t\t\t<div class=\"thumb-overlay\">\n\t\t\t\t<div class=\"thumb-bg\">\n\t\t\t\t\t<div class=\"thumb-title fadeIn animated\">\n\t\t\t\t\t\t<i class=\"portfolio-ovelay-icon\"><\/i>\n\t\t\t\t\t<\/div>\n\t\t\t\t<\/div>\n\t\t\t<\/div>\n\t\t<\/a>\n\t<\/div>\t\t\t\n<\/div>\n\t\t\t<div class=\"article-details clearfix\">\n\t\t\t\t<header class=\"post-header clearfix\">\n\t\t\t\t\t<h5 class=\"post-title\"><a href=\"https:\/\/www.venac.be\/fr\/tivoli-green-city\/\">Tivoli Green City<\/a><\/h5>\t\t\t\t<\/header>\n\t\t\t\t\t\t\t\t\t<div class=\"post-top-details clearfix\"><nav class=\"post-nav meta-font secondary_text\">\n\t<ul class=\"clearfix\">\n\t\t<li class=\"post-meta post-comments\">\n\t\t\t<a href=\"https:\/\/www.venac.be\/fr\/tivoli-green-city\/#respond\">0  comments<\/a><span class=\"post-meta-sep\">\/<\/span>\n\t\t<\/li>\n\t\t<li class=\"post-meta\">avril 28, 2017<\/li>\n\t<\/ul>\n<\/nav><\/div>\n\t\t\t\t\t<div class=\"post-details clearfix\">\n\t\t\t\t\t\t<div class=\"post-content clearfix\">\n\t\t\t\t\t\t\t<p>La Soci\u00e9t\u00e9 PARBAM, en collaboration avec citydev.brussels, r\u00e9alise la deuxi\u00e8me phase du Tivoli GreenCity, une op\u00e9ration exemplaire de d\u00e9veloppement urbain durable dans un p\u00e9rim\u00e8tre d\u00e9fini par les rues de Molenbeek, [&hellip;]<\/p>\n<p><a href=\"https:\/\/www.venac.be\/fr\/tivoli-green-city\/\" class=\"more-link style1-button\">Read More<\/a><\/p>\t\t\t\t\t\t<\/div>\n\t\t\t\t\t<\/div>\n\t\t\t\t\t\t\t\t<div class=\"post-bottom-details clearfix\"><nav class=\"post-nav meta-font secondary_text\">\n\t<ul class=\"clearfix\">\t\n\t\t<li class=\"post-meta post-category\">Under :<a href=\"https:\/\/www.venac.be\/fr\/category\/none-fr\/\" title=\"View all posts in none @fr\"> none @fr<\/a><\/li>\n\t<\/ul>\n<\/nav><\/div>\n\t\t\t<\/div>\n\t\t\t<div class=\"clearfix\"><\/div>\n\t\t<\/div>\n\t<\/div>\n<\/article>\n\t\n<article id=\"post-3811\" class=\"element not-wide blog-post clearfix post-3811 post type-post status-publish format-standard has-post-thumbnail hentry category-none-fr element not-wide\" style=\"margin-bottom: 40px !important;\">\n\t<div class=\"element-inner\" style=\"margin-left:40px\">\n\t\t<div class=\"post-content-wrap\">\n\t\t\t<div class=\"post-thumb\">\t\n\t<div class=\"\">        \t\n\t\t<a href=\"https:\/\/www.venac.be\/fr\/the-chambon-brussels-mipim-awards-2017\/\" class=\" thumb-wrap\">\n\t\t\t<img loading=\"lazy\" decoding=\"async\" width=\"915\" height=\"494\" src=\"https:\/\/www.venac.be\/wp-content\/uploads\/2017\/03\/chambon_00.jpg\" class=\"attachment-blog-image size-blog-image wp-post-image\" alt=\"\" srcset=\"https:\/\/www.venac.be\/wp-content\/uploads\/2017\/03\/chambon_00.jpg 915w, https:\/\/www.venac.be\/wp-content\/uploads\/2017\/03\/chambon_00-300x162.jpg 300w, https:\/\/www.venac.be\/wp-content\/uploads\/2017\/03\/chambon_00-768x415.jpg 768w, https:\/\/www.venac.be\/wp-content\/uploads\/2017\/03\/chambon_00-93x50.jpg 93w, https:\/\/www.venac.be\/wp-content\/uploads\/2017\/03\/chambon_00-650x351.jpg 650w\" sizes=\"(max-width: 915px) 100vw, 915px\" \/>\t\t\t<div class=\"thumb-overlay\">\n\t\t\t\t<div class=\"thumb-bg\">\n\t\t\t\t\t<div class=\"thumb-title fadeIn animated\">\n\t\t\t\t\t\t<i class=\"portfolio-ovelay-icon\"><\/i>\n\t\t\t\t\t<\/div>\n\t\t\t\t<\/div>\n\t\t\t<\/div>\n\t\t<\/a>\n\t<\/div>\t\t\t\n<\/div>\n\t\t\t<div class=\"article-details clearfix\">\n\t\t\t\t<header class=\"post-header clearfix\">\n\t\t\t\t\t<h5 class=\"post-title\"><a href=\"https:\/\/www.venac.be\/fr\/the-chambon-brussels-mipim-awards-2017\/\">The Chambon Brussels &#8211; Mipim Awards 2017<\/a><\/h5>\t\t\t\t<\/header>\n\t\t\t\t\t\t\t\t\t<div class=\"post-top-details clearfix\"><nav class=\"post-nav meta-font secondary_text\">\n\t<ul class=\"clearfix\">\n\t\t<li class=\"post-meta post-comments\">\n\t\t\t<a href=\"https:\/\/www.venac.be\/fr\/the-chambon-brussels-mipim-awards-2017\/#respond\">0  comments<\/a><span class=\"post-meta-sep\">\/<\/span>\n\t\t<\/li>\n\t\t<li class=\"post-meta\">mars 8, 2017<\/li>\n\t<\/ul>\n<\/nav><\/div>\n\t\t\t\t\t<div class=\"post-details clearfix\">\n\t\t\t\t\t\t<div class=\"post-content clearfix\">\n\t\t\t\t\t\t\t<p>Nous sommes s\u00e9lectionn\u00e9s avec le projet &lsquo;The Chambon&rsquo;sur la shortlist pour Best Refurbished Building au\u00a0Mipim Awards 2017. Allfin\/Immobel ont transform\u00e9 l&rsquo;ancien cluster BNP Paribas Fortis\u00a0situ\u00e9 au Foss\u00e9 aux Loups \u00e0 [&hellip;]<\/p>\n<p><a href=\"https:\/\/www.venac.be\/fr\/the-chambon-brussels-mipim-awards-2017\/\" class=\"more-link style1-button\">Read More<\/a><\/p>\t\t\t\t\t\t<\/div>\n\t\t\t\t\t<\/div>\n\t\t\t\t\t\t\t\t<div class=\"post-bottom-details clearfix\"><nav class=\"post-nav meta-font secondary_text\">\n\t<ul class=\"clearfix\">\t\n\t\t<li class=\"post-meta post-category\">Under :<a href=\"https:\/\/www.venac.be\/fr\/category\/none-fr\/\" title=\"View all posts in none @fr\"> none @fr<\/a><\/li>\n\t<\/ul>\n<\/nav><\/div>\n\t\t\t<\/div>\n\t\t\t<div class=\"clearfix\"><\/div>\n\t\t<\/div>\n\t<\/div>\n<\/article>\n\t\n<article id=\"post-3790\" class=\"element not-wide blog-post clearfix post-3790 post type-post status-publish format-standard has-post-thumbnail hentry category-none-fr element not-wide\" style=\"margin-bottom: 40px !important;\">\n\t<div class=\"element-inner\" style=\"margin-left:40px\">\n\t\t<div class=\"post-content-wrap\">\n\t\t\t<div class=\"post-thumb\">\t\n\t<div class=\"\">        \t\n\t\t<a href=\"https:\/\/www.venac.be\/fr\/docks-bruxsel-time-lapse\/\" class=\" thumb-wrap\">\n\t\t\t<img loading=\"lazy\" decoding=\"async\" width=\"1160\" height=\"700\" src=\"https:\/\/www.venac.be\/wp-content\/uploads\/2016\/09\/DocksBruxselLogo-1160x700.jpg\" class=\"attachment-blog-image size-blog-image wp-post-image\" alt=\"\" \/>\t\t\t<div class=\"thumb-overlay\">\n\t\t\t\t<div class=\"thumb-bg\">\n\t\t\t\t\t<div class=\"thumb-title fadeIn animated\">\n\t\t\t\t\t\t<i class=\"portfolio-ovelay-icon\"><\/i>\n\t\t\t\t\t<\/div>\n\t\t\t\t<\/div>\n\t\t\t<\/div>\n\t\t<\/a>\n\t<\/div>\t\t\t\n<\/div>\n\t\t\t<div class=\"article-details clearfix\">\n\t\t\t\t<header class=\"post-header clearfix\">\n\t\t\t\t\t<h5 class=\"post-title\"><a href=\"https:\/\/www.venac.be\/fr\/docks-bruxsel-time-lapse\/\">Docks Bruxsel &#8211; Time lapse<\/a><\/h5>\t\t\t\t<\/header>\n\t\t\t\t\t\t\t\t\t<div class=\"post-top-details clearfix\"><nav class=\"post-nav meta-font secondary_text\">\n\t<ul class=\"clearfix\">\n\t\t<li class=\"post-meta post-comments\">\n\t\t\t<a href=\"https:\/\/www.venac.be\/fr\/docks-bruxsel-time-lapse\/#respond\">0  comments<\/a><span class=\"post-meta-sep\">\/<\/span>\n\t\t<\/li>\n\t\t<li class=\"post-meta\">septembre 8, 2016<\/li>\n\t<\/ul>\n<\/nav><\/div>\n\t\t\t\t\t<div class=\"post-details clearfix\">\n\t\t\t\t\t\t<div class=\"post-content clearfix\">\n\t\t\t\t\t\t\t<p>Vid\u00e9o time lapse de la construction du centre commercial Docks Bruxsel. Grand Opening le 20\/10\/2016.<\/p>\n<p><a href=\"https:\/\/www.venac.be\/fr\/docks-bruxsel-time-lapse\/\" class=\"more-link style1-button\">Read More<\/a><\/p>\t\t\t\t\t\t<\/div>\n\t\t\t\t\t<\/div>\n\t\t\t\t\t\t\t\t<div class=\"post-bottom-details clearfix\"><nav class=\"post-nav meta-font secondary_text\">\n\t<ul class=\"clearfix\">\t\n\t\t<li class=\"post-meta post-category\">Under :<a href=\"https:\/\/www.venac.be\/fr\/category\/none-fr\/\" title=\"View all posts in none @fr\"> none @fr<\/a><\/li>\n\t<\/ul>\n<\/nav><\/div>\n\t\t\t<\/div>\n\t\t\t<div class=\"clearfix\"><\/div>\n\t\t<\/div>\n\t<\/div>\n<\/article>\n\t\n<article id=\"post-3773\" class=\"element not-wide blog-post clearfix post-3773 post type-post status-publish format-standard has-post-thumbnail hentry category-none-fr element not-wide\" style=\"margin-bottom: 40px !important;\">\n\t<div class=\"element-inner\" style=\"margin-left:40px\">\n\t\t<div class=\"post-content-wrap\">\n\t\t\t<div class=\"post-thumb\">\t\n\t<div class=\"\">        \t\n\t\t<a href=\"https:\/\/www.venac.be\/fr\/3773\/\" class=\" thumb-wrap\">\n\t\t\t<img loading=\"lazy\" decoding=\"async\" width=\"1060\" height=\"700\" src=\"https:\/\/www.venac.be\/wp-content\/uploads\/2016\/08\/bigstock-Construction-Worker-At-Site-3461692-1060x700.jpg\" class=\"attachment-blog-image size-blog-image wp-post-image\" alt=\"\" \/>\t\t\t<div class=\"thumb-overlay\">\n\t\t\t\t<div class=\"thumb-bg\">\n\t\t\t\t\t<div class=\"thumb-title fadeIn animated\">\n\t\t\t\t\t\t<i class=\"portfolio-ovelay-icon\"><\/i>\n\t\t\t\t\t<\/div>\n\t\t\t\t<\/div>\n\t\t\t<\/div>\n\t\t<\/a>\n\t<\/div>\t\t\t\n<\/div>\n\t\t\t<div class=\"article-details clearfix\">\n\t\t\t\t<header class=\"post-header clearfix\">\n\t\t\t\t\t<h5 class=\"post-title\"><a href=\"https:\/\/www.venac.be\/fr\/3773\/\">\u00e0 la recherche d&rsquo;un acousticien &#8211; chef de projet<\/a><\/h5>\t\t\t\t<\/header>\n\t\t\t\t\t\t\t\t\t<div class=\"post-top-details clearfix\"><nav class=\"post-nav meta-font secondary_text\">\n\t<ul class=\"clearfix\">\n\t\t<li class=\"post-meta post-comments\">\n\t\t\t<a href=\"https:\/\/www.venac.be\/fr\/3773\/#respond\">0  comments<\/a><span class=\"post-meta-sep\">\/<\/span>\n\t\t<\/li>\n\t\t<li class=\"post-meta\">ao\u00fbt 26, 2016<\/li>\n\t<\/ul>\n<\/nav><\/div>\n\t\t\t\t\t<div class=\"post-details clearfix\">\n\t\t\t\t\t\t<div class=\"post-content clearfix\">\n\t\t\t\t\t\t\t<p>Nous sommes \u00e0 la recherche d&rsquo;un acousticien &#8211; chef de projet pour renforcer l&rsquo;\u00e9quipe d&rsquo;\u00e9tude. Cliquez ici pour en savoir plus.<\/p>\n<p><a href=\"https:\/\/www.venac.be\/fr\/3773\/\" class=\"more-link style1-button\">Read More<\/a><\/p>\t\t\t\t\t\t<\/div>\n\t\t\t\t\t<\/div>\n\t\t\t\t\t\t\t\t<div class=\"post-bottom-details clearfix\"><nav class=\"post-nav meta-font secondary_text\">\n\t<ul class=\"clearfix\">\t\n\t\t<li class=\"post-meta post-category\">Under :<a href=\"https:\/\/www.venac.be\/fr\/category\/none-fr\/\" title=\"View all posts in none @fr\"> none @fr<\/a><\/li>\n\t<\/ul>\n<\/nav><\/div>\n\t\t\t<\/div>\n\t\t\t<div class=\"clearfix\"><\/div>\n\t\t<\/div>\n\t<\/div>\n<\/article>\n<\/div><div class=\"pagination_parent\" style=\"margin-left: 40px\"><div class=\"pagination secondary_text\"><span class='current alt-bg alt-bg-text-color'>1<\/span><a href='https:\/\/www.venac.be\/fr\/wp-json\/wp\/v2\/pages\/3114\/page\/2\/' class='inactive sec-bg sec-color' >2<\/a><\/div>\n<\/div><\/div><\/div><\/div><\/div><\/div><div  class=\"be-row be-wrap clearfix \"><div  class=\"one-col column-block clearfix  no-background    \" data-animation=\"\" style=\"  \"><div class=\"be-custom-column-inner\"><div class=\"special-heading-wrap style1 0\" data-animation=\"fadeIn\"><div class=\"special-heading align-center\"><h4 class=\"special-h-tag\" style=\"color: \">CONTACT<\/h4><div class=\"sep-with-icon-wrap margin-bottom\"><span class=\"sep-with-icon\" style=\"background-color:#e8e8e8;border-color:#e8e8e8;color:#e8e8e8;height:1px;width:20px;\" ><\/span><i class=\"sep-icon font-icon icon-dimond\" style=\"background-color:#e0a240;\"><\/i><span class=\"sep-with-icon\" style=\"background-color:#e8e8e8;border-color:#e8e8e8;color:#e8e8e8;height:1px;width:20px;\" ><\/span><\/div><\/div><\/div>\n<div class=\"wpcf7 no-js\" id=\"wpcf7-f3230-o1\" lang=\"fr-FR\" dir=\"ltr\">\n<div class=\"screen-reader-response\"><p role=\"status\" aria-live=\"polite\" aria-atomic=\"true\"><\/p> <ul><\/ul><\/div>\n<form action=\"\/fr\/wp-json\/wp\/v2\/pages\/3114#wpcf7-f3230-o1\" method=\"post\" class=\"wpcf7-form init\" aria-label=\"Formulaire de contact\" novalidate=\"novalidate\" data-status=\"init\">\n<div style=\"display: none;\">\n<input type=\"hidden\" name=\"_wpcf7\" value=\"3230\" \/>\n<input type=\"hidden\" name=\"_wpcf7_version\" value=\"5.9.8\" \/>\n<input type=\"hidden\" name=\"_wpcf7_locale\" value=\"fr_FR\" \/>\n<input type=\"hidden\" name=\"_wpcf7_unit_tag\" value=\"wpcf7-f3230-o1\" \/>\n<input type=\"hidden\" name=\"_wpcf7_container_post\" value=\"0\" \/>\n<input type=\"hidden\" name=\"_wpcf7_posted_data_hash\" value=\"\" \/>\n<\/div>\n<fieldset class=\"contact_fieldset\">\n\t<p><span class=\"wpcf7-form-control-wrap\" data-name=\"Name\"><input size=\"40\" maxlength=\"400\" class=\"wpcf7-form-control wpcf7-text wpcf7-validates-as-required txt\" aria-required=\"true\" aria-invalid=\"false\" placeholder=\"Nom*\" value=\"\" type=\"text\" name=\"Name\" \/><\/span>\n\t<\/p>\n<\/fieldset>\n<fieldset class=\"contact_fieldset\">\n\t<p><span class=\"wpcf7-form-control-wrap\" data-name=\"Email\"><input size=\"40\" maxlength=\"400\" class=\"wpcf7-form-control wpcf7-text wpcf7-validates-as-required txt\" aria-required=\"true\" aria-invalid=\"false\" placeholder=\"Email*\" value=\"\" type=\"text\" name=\"Email\" \/><\/span>\n\t<\/p>\n<\/fieldset>\n<fieldset class=\"contact_fieldset\">\n\t<p><span class=\"wpcf7-form-control-wrap\" data-name=\"Subject\"><input size=\"40\" maxlength=\"400\" class=\"wpcf7-form-control wpcf7-text wpcf7-validates-as-required txt\" aria-required=\"true\" aria-invalid=\"false\" placeholder=\"Sujet*\" value=\"\" type=\"text\" name=\"Subject\" \/><\/span>\n\t<\/p>\n<\/fieldset>\n<fieldset class=\"contact_fieldset\">\n\t<p><span class=\"wpcf7-form-control-wrap\" data-name=\"Message\"><textarea cols=\"40\" rows=\"10\" maxlength=\"2000\" class=\"wpcf7-form-control wpcf7-textarea wpcf7-validates-as-required txt_area\" aria-required=\"true\" aria-invalid=\"false\" placeholder=\"Message*\" name=\"Message\"><\/textarea><\/span>\n\t<\/p>\n<\/fieldset>\n<fieldset class=\"contact_fieldset\">\n\t<p><input type=\"hidden\" name=\"_wpcf7_captcha_challenge_captcha-412\" value=\"1387812009\" \/><img loading=\"lazy\" decoding=\"async\" class=\"wpcf7-form-control wpcf7-captchac wpcf7-captcha-captcha-412\" width=\"72\" height=\"24\" alt=\"captcha\" src=\"https:\/\/www.venac.be\/wp-content\/uploads\/wpcf7_captcha\/1387812009.png\" \/><br \/>\n<span class=\"wpcf7-form-control-wrap\" data-name=\"captcha-412\"><input size=\"40\" class=\"wpcf7-form-control wpcf7-captchar\" autocomplete=\"off\" aria-invalid=\"false\" value=\"\" type=\"text\" name=\"captcha-412\" \/><\/span>\n\t<\/p>\n<\/fieldset>\n<p><span class=\"wpcf7-form-control-wrap\" data-name=\"your-consent\"><span class=\"wpcf7-form-control wpcf7-acceptance\"><span class=\"wpcf7-list-item\"><label><input type=\"checkbox\" name=\"your-consent\" value=\"1\" aria-invalid=\"false\" \/><span class=\"wpcf7-list-item-label\">J'accepte les <a href=\"https:\/\/www.venac.be\/fr\/politique-de-confidentialite\/\">conditions g\u00e9n\u00e9rales de vente<\/a>.<\/span><\/label><\/span><\/span><\/span>\n<\/p>\n<fieldset class=\"contact_fieldset submit-fieldset\">\n\t<p><input class=\"wpcf7-form-control wpcf7-submit has-spinner\" type=\"submit\" value=\"Envoyer\" \/>\n\t<\/p>\n<\/fieldset><div class=\"wpcf7-response-output\" aria-hidden=\"true\"><\/div>\n<\/form>\n<\/div>\n<\/div><\/div><\/div><\/div><\/div>","protected":false},"excerpt":{"rendered":"<p><a href=\"https:\/\/www.venac.be\/fr\/3773\/\" class=\"more-link style1-button\">Read More<\/a><\/p>","protected":false},"author":1,"featured_media":0,"parent":0,"menu_order":0,"comment_status":"closed","ping_status":"closed","template":"","meta":{"_exactmetrics_skip_tracking":false,"_exactmetrics_sitenote_active":false,"_exactmetrics_sitenote_note":"","_exactmetrics_sitenote_category":0,"footnotes":""},"categories":[],"tags":[],"class_list":["post-3114","page","type-page","status-publish","hentry"],"yoast_head":"<!-- This site is optimized with the Yoast SEO plugin v23.1 - https:\/\/yoast.com\/wordpress\/plugins\/seo\/ -->\n<title>VENAC - Consultation acoustique du b\u00e2timent<\/title>\n<meta name=\"description\" content=\"VENAC est l&#039;autorit\u00e9 pour des \u00e9tudes d\u00e9taill\u00e9es des performances acoustiques et le confort acoustique dans les b\u00e2timents et les salles.\" \/>\n<meta name=\"robots\" content=\"index, follow, max-snippet:-1, max-image-preview:large, max-video-preview:-1\" \/>\n<link rel=\"canonical\" href=\"https:\/\/www.venac.be\/fr\/\" \/>\n<meta property=\"og:locale\" content=\"fr_FR\" \/>\n<meta property=\"og:type\" content=\"article\" \/>\n<meta property=\"og:title\" content=\"VENAC - Consultation acoustique du b\u00e2timent\" \/>\n<meta property=\"og:description\" content=\"VENAC est l&#039;autorit\u00e9 pour des \u00e9tudes d\u00e9taill\u00e9es des performances acoustiques et le confort acoustique dans les b\u00e2timents et les salles.\" \/>\n<meta property=\"og:url\" content=\"https:\/\/www.venac.be\/fr\/\" \/>\n<meta property=\"og:site_name\" content=\"VENAC\" \/>\n<meta property=\"article:modified_time\" content=\"2015-12-23T21:14:24+00:00\" \/>\n<meta name=\"twitter:card\" content=\"summary_large_image\" \/>\n<script type=\"application\/ld+json\" class=\"yoast-schema-graph\">{\"@context\":\"https:\/\/schema.org\",\"@graph\":[{\"@type\":\"WebPage\",\"@id\":\"https:\/\/www.venac.be\/fr\/\",\"url\":\"https:\/\/www.venac.be\/fr\/\",\"name\":\"VENAC - Consultation acoustique du b\u00e2timent\",\"isPartOf\":{\"@id\":\"https:\/\/www.venac.be\/#website\"},\"datePublished\":\"2014-10-28T10:23:33+00:00\",\"dateModified\":\"2015-12-23T21:14:24+00:00\",\"description\":\"VENAC est l'autorit\u00e9 pour des \u00e9tudes d\u00e9taill\u00e9es des performances acoustiques et le confort acoustique dans les b\u00e2timents et les salles.\",\"breadcrumb\":{\"@id\":\"https:\/\/www.venac.be\/fr\/#breadcrumb\"},\"inLanguage\":\"fr-FR\",\"potentialAction\":[{\"@type\":\"ReadAction\",\"target\":[\"https:\/\/www.venac.be\/fr\/\"]}]},{\"@type\":\"BreadcrumbList\",\"@id\":\"https:\/\/www.venac.be\/fr\/#breadcrumb\",\"itemListElement\":[{\"@type\":\"ListItem\",\"position\":1,\"name\":\"Home\",\"item\":\"https:\/\/www.venac.be\/fr\/\"},{\"@type\":\"ListItem\",\"position\":2,\"name\":\"Home\"}]},{\"@type\":\"WebSite\",\"@id\":\"https:\/\/www.venac.be\/#website\",\"url\":\"https:\/\/www.venac.be\/\",\"name\":\"VENAC\",\"description\":\"Vibrations, ENgineering &amp; ACoustics consulting\",\"potentialAction\":[{\"@type\":\"SearchAction\",\"target\":{\"@type\":\"EntryPoint\",\"urlTemplate\":\"https:\/\/www.venac.be\/?s={search_term_string}\"},\"query-input\":\"required name=search_term_string\"}],\"inLanguage\":\"fr-FR\"}]}<\/script>\n<!-- \/ Yoast SEO plugin. -->","yoast_head_json":{"title":"VENAC - Consultation acoustique du b\u00e2timent","description":"VENAC est l'autorit\u00e9 pour des \u00e9tudes d\u00e9taill\u00e9es des performances acoustiques et le confort acoustique dans les b\u00e2timents et les salles.","robots":{"index":"index","follow":"follow","max-snippet":"max-snippet:-1","max-image-preview":"max-image-preview:large","max-video-preview":"max-video-preview:-1"},"canonical":"https:\/\/www.venac.be\/fr\/","og_locale":"fr_FR","og_type":"article","og_title":"VENAC - Consultation acoustique du b\u00e2timent","og_description":"VENAC est l'autorit\u00e9 pour des \u00e9tudes d\u00e9taill\u00e9es des performances acoustiques et le confort acoustique dans les b\u00e2timents et les salles.","og_url":"https:\/\/www.venac.be\/fr\/","og_site_name":"VENAC","article_modified_time":"2015-12-23T21:14:24+00:00","twitter_card":"summary_large_image","schema":{"@context":"https:\/\/schema.org","@graph":[{"@type":"WebPage","@id":"https:\/\/www.venac.be\/fr\/","url":"https:\/\/www.venac.be\/fr\/","name":"VENAC - Consultation acoustique du b\u00e2timent","isPartOf":{"@id":"https:\/\/www.venac.be\/#website"},"datePublished":"2014-10-28T10:23:33+00:00","dateModified":"2015-12-23T21:14:24+00:00","description":"VENAC est l'autorit\u00e9 pour des \u00e9tudes d\u00e9taill\u00e9es des performances acoustiques et le confort acoustique dans les b\u00e2timents et les salles.","breadcrumb":{"@id":"https:\/\/www.venac.be\/fr\/#breadcrumb"},"inLanguage":"fr-FR","potentialAction":[{"@type":"ReadAction","target":["https:\/\/www.venac.be\/fr\/"]}]},{"@type":"BreadcrumbList","@id":"https:\/\/www.venac.be\/fr\/#breadcrumb","itemListElement":[{"@type":"ListItem","position":1,"name":"Home","item":"https:\/\/www.venac.be\/fr\/"},{"@type":"ListItem","position":2,"name":"Home"}]},{"@type":"WebSite","@id":"https:\/\/www.venac.be\/#website","url":"https:\/\/www.venac.be\/","name":"VENAC","description":"Vibrations, ENgineering &amp; ACoustics consulting","potentialAction":[{"@type":"SearchAction","target":{"@type":"EntryPoint","urlTemplate":"https:\/\/www.venac.be\/?s={search_term_string}"},"query-input":"required name=search_term_string"}],"inLanguage":"fr-FR"}]}},"_links":{"self":[{"href":"https:\/\/www.venac.be\/fr\/wp-json\/wp\/v2\/pages\/3114"}],"collection":[{"href":"https:\/\/www.venac.be\/fr\/wp-json\/wp\/v2\/pages"}],"about":[{"href":"https:\/\/www.venac.be\/fr\/wp-json\/wp\/v2\/types\/page"}],"author":[{"embeddable":true,"href":"https:\/\/www.venac.be\/fr\/wp-json\/wp\/v2\/users\/1"}],"replies":[{"embeddable":true,"href":"https:\/\/www.venac.be\/fr\/wp-json\/wp\/v2\/comments?post=3114"}],"version-history":[{"count":3,"href":"https:\/\/www.venac.be\/fr\/wp-json\/wp\/v2\/pages\/3114\/revisions"}],"predecessor-version":[{"id":3691,"href":"https:\/\/www.venac.be\/fr\/wp-json\/wp\/v2\/pages\/3114\/revisions\/3691"}],"wp:attachment":[{"href":"https:\/\/www.venac.be\/fr\/wp-json\/wp\/v2\/media?parent=3114"}],"wp:term":[{"taxonomy":"category","embeddable":true,"href":"https:\/\/www.venac.be\/fr\/wp-json\/wp\/v2\/categories?post=3114"},{"taxonomy":"post_tag","embeddable":true,"href":"https:\/\/www.venac.be\/fr\/wp-json\/wp\/v2\/tags?post=3114"}],"curies":[{"name":"wp","href":"https:\/\/api.w.org\/{rel}","templated":true}]}}